{"id":1338,"date":"2020-11-17T17:16:07","date_gmt":"2020-11-17T16:16:07","guid":{"rendered":"https:\/\/www.palazzomagnani.it\/myfpm\/cosa-puoi-fare-su-myfpm\/docenti\/"},"modified":"2022-10-08T13:17:48","modified_gmt":"2022-10-08T11:17:48","slug":"docenti","status":"publish","type":"page","link":"https:\/\/www.palazzomagnani.it\/myfpm\/cosa-puoi-fare-su-myfpm\/docenti\/","title":{"rendered":"Docenti"},"content":{"rendered":"<p><div class=\"fusion-fullwidth fullwidth-box fusion-builder-row-1 fusion-flex-container nonhundred-percent-fullwidth non-hundred-percent-height-scrolling\" style=\"background-color: rgba(255,255,255,0);background-position: center center;background-repeat: no-repeat;border-width: 0px 0px 0px 0px;border-color:#e8eaf0;border-style:solid;\" ><div class=\"fusion-builder-row fusion-row fusion-flex-align-items-flex-start\" style=\"max-width:1310.4px;margin-left: calc(-4% \/ 2 );margin-right: calc(-4% \/ 2 );\"><div class=\"fusion-layout-column fusion_builder_column fusion-builder-column-0 fusion_builder_column_1_2 1_2 fusion-flex-column\"><div class=\"fusion-column-wrapper fusion-flex-justify-content-flex-start fusion-content-layout-column\" style=\"background-position:left top;background-repeat:no-repeat;-webkit-background-size:cover;-moz-background-size:cover;-o-background-size:cover;background-size:cover;padding: 0px 0px 0px 0px;\"><style type=\"text\/css\">@media only screen and (max-width:1024px) {.fusion-title.fusion-title-1{margin-top:10px!important; margin-right:0px!important;margin-bottom:20px!important;margin-left:0px!important;}}@media only screen and (max-width:640px) {.fusion-title.fusion-title-1{margin-top:0px!important; margin-right:0px!important;margin-bottom:20px!important; margin-left:0px!important;}}<\/style><div class=\"fusion-title title fusion-title-1 fusion-sep-none fusion-title-text fusion-title-size-two\" style=\"margin-top:10px;margin-right:0px;margin-bottom:20px;margin-left:0px;\"><h2 class=\"title-heading-left fusion-responsive-typography-calculated\" style=\"margin:0;--fontSize:38;line-height:1.3;\">Una serie di strumenti e contenuti dedicati agli insegnanti e agli alunni dei diversi gradi scolastici<\/h2><\/div><div class=\"fusion-text fusion-text-1\"><p>Registrandoti gratuitamente, potrai accedere al programma per le scuole pensato dal nostro Ufficio Didattica. Un programma sempre diverso per ogni mostra o progetto allestito nei nostri spazi.<\/p>\n<\/div><style type=\"text\/css\">.fusion-accordian  #accordion-1338-1 .panel-title a .fa-fusion-box{ color: #ffffff;}.fusion-accordian  #accordion-1338-1 .panel-title a .fa-fusion-box:before{ font-size: 13px; width: 13px;}.fusion-accordian  #accordion-1338-1 .panel-title a{font-size:24px;}.fusion-accordian  #accordion-1338-1 .fa-fusion-box { background-color: #202020;border-color: #202020;}.fusion-accordian  #accordion-1338-1 .panel-title a:hover, #accordion-1338-1 .fusion-toggle-boxed-mode:hover .panel-title a { color: #ffa737;}.fusion-accordian  #accordion-1338-1 .panel-title .active .fa-fusion-box,.fusion-accordian  #accordion-1338-1 .panel-title a:hover .fa-fusion-box { background-color: #ffa737!important;border-color: #ffa737!important;}<\/style><div class=\"accordian fusion-accordian\"><div class=\"panel-group\" id=\"accordion-1338-1\"><div class=\"fusion-panel panel-default\"><div class=\"panel-heading\"><h4 class=\"panel-title toggle\"><a aria-expanded=\"false\" aria-controls=\"40f59c3728b78865b\" role=\"button\" data-toggle=\"collapse\" data-parent=\"#accordion-1338-1\" data-target=\"#40f59c3728b78865b\" href=\"#40f59c3728b78865b\"><span class=\"fusion-toggle-icon-wrapper\" aria-hidden=\"true\"><i class=\"fa-fusion-box\" aria-hidden=\"true\"><\/i><\/span><span class=\"fusion-toggle-heading\">KiDD - Kit Didattico Digitale<\/span><\/a><\/h4><\/div><div id=\"40f59c3728b78865b\" class=\"panel-collapse collapse \"><div class=\"panel-body toggle-content fusion-clearfix\">\n<p>In questi lunghi mesi in cui non sar\u00e0 possibile accogliere le classi negli ambienti allestiti e nei nostri laboratori, abbiamo sviluppato una serie di strumenti da utilizzare in aula, mediante LIM o computer connesso a videoproiettore, con cui gli insegnanti saranno in grado di sviluppare una o pi\u00f9 lezioni a partire dagli argomenti delle nostre mostre.<\/p>\n<\/div><\/div><\/div><div class=\"fusion-panel panel-default\"><div class=\"panel-heading\"><h4 class=\"panel-title toggle\"><a aria-expanded=\"false\" aria-controls=\"7c6c278d9ed8e7bfd\" role=\"button\" data-toggle=\"collapse\" data-parent=\"#accordion-1338-1\" data-target=\"#7c6c278d9ed8e7bfd\" href=\"#7c6c278d9ed8e7bfd\"><span class=\"fusion-toggle-icon-wrapper\" aria-hidden=\"true\"><i class=\"fa-fusion-box\" aria-hidden=\"true\"><\/i><\/span><span class=\"fusion-toggle-heading\">Visite virtuali live con il nostro Staff<\/span><\/a><\/h4><\/div><div id=\"7c6c278d9ed8e7bfd\" class=\"panel-collapse collapse \"><div class=\"panel-body toggle-content fusion-clearfix\">\n<p>La classe potr\u00e0 &#8220;entrare&#8221; in mostra attraverso una diretta streaming. Il nostro Staff accompagner\u00e0 i docenti e gli alunni nelle diverse stanze della mostra, soffermandosi sulle opere pi\u00f9 interessanti e rispondendo a tutte le domande dei ragazzi.<\/p>\n<\/div><\/div><\/div><div class=\"fusion-panel panel-default\"><div class=\"panel-heading\"><h4 class=\"panel-title toggle\"><a aria-expanded=\"false\" aria-controls=\"885d978db8166bd90\" role=\"button\" data-toggle=\"collapse\" data-parent=\"#accordion-1338-1\" data-target=\"#885d978db8166bd90\" href=\"#885d978db8166bd90\"><span class=\"fusion-toggle-icon-wrapper\" aria-hidden=\"true\"><i class=\"fa-fusion-box\" aria-hidden=\"true\"><\/i><\/span><span class=\"fusion-toggle-heading\">Aree riservate alla co-progettazione<\/span><\/a><\/h4><\/div><div id=\"885d978db8166bd90\" class=\"panel-collapse collapse \"><div class=\"panel-body toggle-content fusion-clearfix\">\n<p>Insieme al nostro Staff della divisione didattica sar\u00e0 possibile progettare lezioni, workshop ed esperienze a partire sia dalle mostre allestite che dalla programmazione futura.<\/p>\n<\/div><\/div><\/div><div class=\"fusion-panel panel-default\"><div class=\"panel-heading\"><h4 class=\"panel-title toggle\"><a aria-expanded=\"false\" aria-controls=\"3ce04bacc8d538360\" role=\"button\" data-toggle=\"collapse\" data-parent=\"#accordion-1338-1\" data-target=\"#3ce04bacc8d538360\" href=\"#3ce04bacc8d538360\"><span class=\"fusion-toggle-icon-wrapper\" aria-hidden=\"true\"><i class=\"fa-fusion-box\" aria-hidden=\"true\"><\/i><\/span><span class=\"fusion-toggle-heading\">Crediti formativi<\/span><\/a><\/h4><\/div><div id=\"3ce04bacc8d538360\" class=\"panel-collapse collapse \"><div class=\"panel-body toggle-content fusion-clearfix\">\n<p>Attraverso la partecipazione alle nostre conferenze sull&#8217;arte dedicate alla formazione degli adulti e disponibili sul portale SOPHIA, i docenti potranno acuisire crediti formativi.<\/p>\n<\/div><\/div><\/div><\/div><\/div><div class=\"fusion-separator fusion-full-width-sep\" style=\"align-self: center;margin-left: auto;margin-right: auto;margin-top:50px;width:100%;\"><\/div><div ><style>.fusion-button.button-1{border-radius:25px 25px 25px 25px;}<\/style><a class=\"fusion-button button-flat fusion-button-default-size button-default button-1 fusion-button-default-span \" target=\"_self\" href=\"https:\/\/www.palazzomagnani.it\/myfpm\/cosa-puoi-fare-su-myfpm\/docenti\/registrazione-docenti\/\"><span class=\"fusion-button-text\">Registrati<\/span><\/a><\/div><\/div><style type=\"text\/css\">.fusion-body .fusion-builder-column-0{width:50% !important;margin-top : 0px;margin-bottom : 20px;}.fusion-builder-column-0 > .fusion-column-wrapper {padding-top : 0px !important;padding-right : 0px !important;margin-right : 3.84%;padding-bottom : 0px !important;padding-left : 0px !important;margin-left : 3.84%;}@media only screen and (max-width:1024px) {.fusion-body .fusion-builder-column-0{width:100% !important;order : 0;}.fusion-builder-column-0 > .fusion-column-wrapper {margin-right : 1.92%;margin-left : 1.92%;}}@media only screen and (max-width:640px) {.fusion-body .fusion-builder-column-0{width:100% !important;order : 0;}.fusion-builder-column-0 > .fusion-column-wrapper {margin-right : 1.92%;margin-left : 1.92%;}}<\/style><\/div><div class=\"fusion-layout-column fusion_builder_column fusion-builder-column-1 fusion_builder_column_1_2 1_2 fusion-flex-column\"><div class=\"fusion-column-wrapper fusion-flex-justify-content-flex-start fusion-content-layout-column\" style=\"background-position:left top;background-repeat:no-repeat;-webkit-background-size:cover;-moz-background-size:cover;-o-background-size:cover;background-size:cover;padding: 0px 0px 0px 0px;\"><div ><span class=\" fusion-imageframe imageframe-none imageframe-1 hover-type-none\"><img decoding=\"async\" width=\"838\" height=\"908\" title=\"myfpm-scuole\" src=\"https:\/\/www.palazzomagnani.it\/myfpm\/wp-content\/uploads\/2020\/11\/myfpm-persone.png\" alt class=\"img-responsive wp-image-1449\" srcset=\"https:\/\/www.palazzomagnani.it\/myfpm\/wp-content\/uploads\/2020\/11\/myfpm-persone-200x217.png 200w, https:\/\/www.palazzomagnani.it\/myfpm\/wp-content\/uploads\/2020\/11\/myfpm-persone-400x433.png 400w, https:\/\/www.palazzomagnani.it\/myfpm\/wp-content\/uploads\/2020\/11\/myfpm-persone-600x650.png 600w, https:\/\/www.palazzomagnani.it\/myfpm\/wp-content\/uploads\/2020\/11\/myfpm-persone-800x867.png 800w, https:\/\/www.palazzomagnani.it\/myfpm\/wp-content\/uploads\/2020\/11\/myfpm-persone.png 838w\" sizes=\"(max-width: 1024px) 100vw, (max-width: 640px) 100vw, 600px\" \/><\/span><\/div><\/div><style type=\"text\/css\">.fusion-body .fusion-builder-column-1{width:50% !important;margin-top : 0px;margin-bottom : 20px;}.fusion-builder-column-1 > .fusion-column-wrapper {padding-top : 0px !important;padding-right : 0px !important;margin-right : 3.84%;padding-bottom : 0px !important;padding-left : 0px !important;margin-left : 3.84%;}@media only screen and (max-width:1024px) {.fusion-body .fusion-builder-column-1{width:100% !important;order : 0;}.fusion-builder-column-1 > .fusion-column-wrapper {margin-right : 1.92%;margin-left : 1.92%;}}@media only screen and (max-width:640px) {.fusion-body .fusion-builder-column-1{width:100% !important;order : 0;}.fusion-builder-column-1 > .fusion-column-wrapper {margin-right : 1.92%;margin-left : 1.92%;}}<\/style><\/div><\/div><style type=\"text\/css\">.fusion-body .fusion-flex-container.fusion-builder-row-1{ padding-top : 0px;margin-top : 0px;padding-right : 0px;padding-bottom : 0px;margin-bottom : 0px;padding-left : 0px;}<\/style><\/div><div class=\"fusion-fullwidth fullwidth-box fusion-builder-row-2 fusion-flex-container nonhundred-percent-fullwidth non-hundred-percent-height-scrolling\" style=\"background-color: rgba(255,255,255,0);background-position: center center;background-repeat: no-repeat;border-width: 0px 0px 0px 0px;border-color:#e8eaf0;border-style:solid;\" ><div class=\"fusion-builder-row fusion-row fusion-flex-align-items-flex-start\" style=\"max-width:1310.4px;margin-left: calc(-4% \/ 2 );margin-right: calc(-4% \/ 2 );\"><div class=\"fusion-layout-column fusion_builder_column fusion-builder-column-2 fusion_builder_column_1_1 1_1 fusion-flex-column\"><div class=\"fusion-column-wrapper fusion-flex-justify-content-flex-start fusion-content-layout-column\" style=\"background-position:left top;background-repeat:no-repeat;-webkit-background-size:cover;-moz-background-size:cover;-o-background-size:cover;background-size:cover;padding: 0px 0px 0px 0px;\"><style type=\"text\/css\">.fusion-title.fusion-title-2 svg path{stroke-width:9!important}@media only screen and (max-width:1024px) {.fusion-title.fusion-title-2{margin-top:10px!important; margin-right:0px!important;margin-bottom:20px!important;margin-left:0px!important;}}@media only screen and (max-width:640px) {.fusion-title.fusion-title-2{margin-top:0px!important; margin-right:0px!important;margin-bottom:20px!important; margin-left:0px!important;}}<\/style><div class=\"fusion-title title fusion-title-2 fusion-sep-none fusion-title-center fusion-title-highlight fusion-loop-off fusion-highlight-circle fusion-title-size-two\" style=\"margin-top:10px;margin-right:0px;margin-bottom:20px;margin-left:0px;\" data-highlight=\"circle\"><h2 class=\"title-heading-center fusion-responsive-typography-calculated\" style=\"margin:0;--fontSize:38;line-height:1.3;\"><span class=\"fusion-highlighted-text-prefix\">Corsi di <\/span> <span class=\"fusion-highlighted-text-wrapper\"><span class=\"fusion-highlighted-text\">formazione<\/span><\/span> <span class=\"fusion-highlighted-text-postfix\">e workshop<\/span><\/h2><\/div><div class=\"fusion-separator fusion-full-width-sep\" style=\"align-self: center;margin-left: auto;margin-right: auto;margin-top:20px;margin-bottom:20px;width:100%;\"><\/div><div class=\"fusion-woo-product-grid fusion-product-archive fusion-woo-product-grid-1\"><ul class=\"products products-3\"><li class=\"product type-product post-2382 status-publish first instock product_cat-corsi-e-workshop product_cat-ticket has-post-thumbnail featured virtual purchasable product-type-simple product-grid-view\">\n\t<div class=\"fusion-product-wrapper\">\n<a href=\"https:\/\/www.palazzomagnani.it\/myfpm\/prodotto\/corso-fotografia-docenti\/\" class=\"product-images\" aria-label=\"Corso &#8220;La fotografia nella scuola&#8221; a cura di Fabio Boni\">\n\n<div class=\"featured-image\">\n\t\t<img decoding=\"async\" width=\"500\" height=\"571\" src=\"https:\/\/www.palazzomagnani.it\/myfpm\/wp-content\/uploads\/2022\/10\/Diapositiva1-500x571.png\" class=\"attachment-shop_catalog size-shop_catalog wp-post-image\" alt=\"\" srcset=\"https:\/\/www.palazzomagnani.it\/myfpm\/wp-content\/uploads\/2022\/10\/Diapositiva1-200x228.png 200w, https:\/\/www.palazzomagnani.it\/myfpm\/wp-content\/uploads\/2022\/10\/Diapositiva1-263x300.png 263w, https:\/\/www.palazzomagnani.it\/myfpm\/wp-content\/uploads\/2022\/10\/Diapositiva1-400x457.png 400w, https:\/\/www.palazzomagnani.it\/myfpm\/wp-content\/uploads\/2022\/10\/Diapositiva1-500x571.png 500w, https:\/\/www.palazzomagnani.it\/myfpm\/wp-content\/uploads\/2022\/10\/Diapositiva1.png 529w\" sizes=\"(max-width: 500px) 100vw, 500px\" \/>\n\t\t\t\t\t\t<div class=\"cart-loading\"><i class=\"awb-icon-spinner\" aria-hidden=\"true\"><\/i><\/div>\n\t\t\t<\/div>\n<\/a>\n<div class=\"fusion-product-content\">\n\t<div class=\"product-details\">\n\t\t<div class=\"product-details-container\">\n<h3 class=\"product-title\">\n\t<a href=\"https:\/\/www.palazzomagnani.it\/myfpm\/prodotto\/corso-fotografia-docenti\/\">\n\t\tCorso &#8220;La fotografia nella scuola&#8221; a cura di Fabio Boni\t<\/a>\n<\/h3>\n<div class=\"fusion-price-rating\">\n\n\t<span class=\"price\"><span class=\"woocommerce-Price-amount amount\"><bdi><span class=\"woocommerce-Price-currencySymbol\">&euro;<\/span>80,00<\/bdi><\/span><\/span>\n\t\t<\/div>\n\t<\/div>\n<\/div>\n\n\n\t<div class=\"product-buttons\">\n\t\t<div class=\"fusion-content-sep sep-none\"><\/div>\n\t\t<div class=\"product-buttons-container clearfix\">\n<a href=\"\/myfpm\/wp-json\/wp\/v2\/pages\/1338?add-to-cart=2382\"  data-quantity=\"1\" class=\"button product_type_simple add_to_cart_button ajax_add_to_cart\" data-product_id=\"2382\" data-product_sku=\"\" aria-label=\"Aggiungi al carrello: &quot;Corso &quot;La fotografia nella scuola&quot; a cura di Fabio Boni&quot;\" rel=\"nofollow\">Aggiungi al carrello<\/a>\n<a href=\"https:\/\/www.palazzomagnani.it\/myfpm\/prodotto\/corso-fotografia-docenti\/\" class=\"show_details_button\">\n\tDettagli<\/a>\n\n\n\t<\/div>\n\t<\/div>\n\n\t<\/div> <\/div>\n<\/li>\n<li class=\"product type-product post-3060 status-publish outofstock product_cat-corsi-e-workshop product_cat-ticket has-post-thumbnail virtual purchasable product-type-simple product-grid-view\">\n\t<div class=\"fusion-product-wrapper\">\n<a href=\"https:\/\/www.palazzomagnani.it\/myfpm\/prodotto\/workshop-dummy-zines-kit\/\" class=\"product-images\" aria-label=\"Workshop Dummy Zines Kit\">\n<div class=\"fusion-woo-badges-wrapper\">\n\t<div class=\"fusion-out-of-stock\">\n\t\t<div class=\"fusion-position-text\">\n\t\t\tEsaurito\t\t<\/div>\n\t<\/div>\n<\/div><div class=\"featured-image\">\n\t\t<img decoding=\"async\" width=\"500\" height=\"625\" src=\"https:\/\/www.palazzomagnani.it\/myfpm\/wp-content\/uploads\/2025\/03\/DUMMYZINES-500x625.jpg\" class=\"attachment-shop_catalog size-shop_catalog wp-post-image\" alt=\"\" srcset=\"https:\/\/www.palazzomagnani.it\/myfpm\/wp-content\/uploads\/2025\/03\/DUMMYZINES-200x250.jpg 200w, https:\/\/www.palazzomagnani.it\/myfpm\/wp-content\/uploads\/2025\/03\/DUMMYZINES-240x300.jpg 240w, https:\/\/www.palazzomagnani.it\/myfpm\/wp-content\/uploads\/2025\/03\/DUMMYZINES-400x500.jpg 400w, https:\/\/www.palazzomagnani.it\/myfpm\/wp-content\/uploads\/2025\/03\/DUMMYZINES-500x625.jpg 500w, https:\/\/www.palazzomagnani.it\/myfpm\/wp-content\/uploads\/2025\/03\/DUMMYZINES-600x750.jpg 600w, https:\/\/www.palazzomagnani.it\/myfpm\/wp-content\/uploads\/2025\/03\/DUMMYZINES-700x875.jpg 700w, https:\/\/www.palazzomagnani.it\/myfpm\/wp-content\/uploads\/2025\/03\/DUMMYZINES-768x960.jpg 768w, https:\/\/www.palazzomagnani.it\/myfpm\/wp-content\/uploads\/2025\/03\/DUMMYZINES-800x1000.jpg 800w, https:\/\/www.palazzomagnani.it\/myfpm\/wp-content\/uploads\/2025\/03\/DUMMYZINES-819x1024.jpg 819w, https:\/\/www.palazzomagnani.it\/myfpm\/wp-content\/uploads\/2025\/03\/DUMMYZINES-1200x1500.jpg 1200w, https:\/\/www.palazzomagnani.it\/myfpm\/wp-content\/uploads\/2025\/03\/DUMMYZINES-1229x1536.jpg 1229w, https:\/\/www.palazzomagnani.it\/myfpm\/wp-content\/uploads\/2025\/03\/DUMMYZINES.jpg 1500w\" sizes=\"(max-width: 500px) 100vw, 500px\" \/>\n\t\t\t\t\t\t<div class=\"cart-loading\"><i class=\"awb-icon-spinner\" aria-hidden=\"true\"><\/i><\/div>\n\t\t\t<\/div>\n<\/a>\n<div class=\"fusion-product-content\">\n\t<div class=\"product-details\">\n\t\t<div class=\"product-details-container\">\n<h3 class=\"product-title\">\n\t<a href=\"https:\/\/www.palazzomagnani.it\/myfpm\/prodotto\/workshop-dummy-zines-kit\/\">\n\t\tWorkshop Dummy Zines Kit\t<\/a>\n<\/h3>\n<div class=\"fusion-price-rating\">\n\n\t<span class=\"price\"><span class=\"woocommerce-Price-amount amount\"><bdi><span class=\"woocommerce-Price-currencySymbol\">&euro;<\/span>75,00<\/bdi><\/span><\/span>\n\t\t<\/div>\n\t<\/div>\n<\/div>\n\n\n\t<div class=\"product-buttons\">\n\t\t<div class=\"fusion-content-sep sep-none\"><\/div>\n\t\t<div class=\"product-buttons-container clearfix\">\n\n<a href=\"https:\/\/www.palazzomagnani.it\/myfpm\/prodotto\/workshop-dummy-zines-kit\/\" class=\"show_details_button\" style=\"float:none;max-width:none;text-align:center;\">\n\tDettagli<\/a>\n\n\n\t<\/div>\n\t<\/div>\n\n\t<\/div> <\/div>\n<\/li>\n<li class=\"product type-product post-3094 status-publish last outofstock product_cat-corsi-e-workshop product_cat-ticket has-post-thumbnail virtual purchasable product-type-simple product-grid-view\">\n\t<div class=\"fusion-product-wrapper\">\n<a href=\"https:\/\/www.palazzomagnani.it\/myfpm\/prodotto\/workshop-photovoice-con-halima-gongo-e-gertrude-malizeni\/\" class=\"product-images\" aria-label=\"Workshop PHOTOVOICE con Halima Gongo e Gertrude Malizeni\">\n<div class=\"fusion-woo-badges-wrapper\">\n\t<div class=\"fusion-out-of-stock\">\n\t\t<div class=\"fusion-position-text\">\n\t\t\tEsaurito\t\t<\/div>\n\t<\/div>\n<\/div><div class=\"featured-image\">\n\t\t<img decoding=\"async\" width=\"400\" height=\"228\" src=\"https:\/\/www.palazzomagnani.it\/myfpm\/wp-content\/uploads\/2021\/01\/ticket_red.png\" class=\"attachment-shop_catalog size-shop_catalog wp-post-image\" alt=\"\" srcset=\"https:\/\/www.palazzomagnani.it\/myfpm\/wp-content\/uploads\/2021\/01\/ticket_red-200x114.png 200w, https:\/\/www.palazzomagnani.it\/myfpm\/wp-content\/uploads\/2021\/01\/ticket_red-300x171.png 300w, https:\/\/www.palazzomagnani.it\/myfpm\/wp-content\/uploads\/2021\/01\/ticket_red.png 400w\" sizes=\"(max-width: 400px) 100vw, 400px\" \/>\n\t\t\t\t\t\t<div class=\"cart-loading\"><i class=\"awb-icon-spinner\" aria-hidden=\"true\"><\/i><\/div>\n\t\t\t<\/div>\n<\/a>\n<div class=\"fusion-product-content\">\n\t<div class=\"product-details\">\n\t\t<div class=\"product-details-container\">\n<h3 class=\"product-title\">\n\t<a href=\"https:\/\/www.palazzomagnani.it\/myfpm\/prodotto\/workshop-photovoice-con-halima-gongo-e-gertrude-malizeni\/\">\n\t\tWorkshop PHOTOVOICE con Halima Gongo e Gertrude Malizeni\t<\/a>\n<\/h3>\n<div class=\"fusion-price-rating\">\n\n\t<span class=\"price\"><span class=\"woocommerce-Price-amount amount\"><bdi><span class=\"woocommerce-Price-currencySymbol\">&euro;<\/span>20,00<\/bdi><\/span><\/span>\n\t\t<\/div>\n\t<\/div>\n<\/div>\n\n\n\t<div class=\"product-buttons\">\n\t\t<div class=\"fusion-content-sep sep-none\"><\/div>\n\t\t<div class=\"product-buttons-container clearfix\">\n\n<a href=\"https:\/\/www.palazzomagnani.it\/myfpm\/prodotto\/workshop-photovoice-con-halima-gongo-e-gertrude-malizeni\/\" class=\"show_details_button\" style=\"float:none;max-width:none;text-align:center;\">\n\tDettagli<\/a>\n\n\n\t<\/div>\n\t<\/div>\n\n\t<\/div> <\/div>\n<\/li>\n<\/ul><div class=\"fusion-woo-product-grid-pagination fusion-clearfix\"><\/div><\/div><style>.fusion-woo-product-grid.fusion-woo-product-grid-1.fusion-woo-product-grid-spacing-off .product .product-buttons{padding-top:0;}.fusion-woo-product-grid.fusion-woo-product-grid-1.fusion-woo-product-grid-spacing-off .product-details-container{min-height:0;}<\/style><\/div><style type=\"text\/css\">.fusion-body .fusion-builder-column-2{width:100% !important;margin-top : 0px;margin-bottom : 20px;}.fusion-builder-column-2 > .fusion-column-wrapper {padding-top : 0px !important;padding-right : 0px !important;margin-right : 1.92%;padding-bottom : 0px !important;padding-left : 0px !important;margin-left : 1.92%;}@media only screen and (max-width:1024px) {.fusion-body .fusion-builder-column-2{width:100% !important;order : 0;}.fusion-builder-column-2 > .fusion-column-wrapper {margin-right : 1.92%;margin-left : 1.92%;}}@media only screen and (max-width:640px) {.fusion-body .fusion-builder-column-2{width:100% !important;order : 0;}.fusion-builder-column-2 > .fusion-column-wrapper {margin-right : 1.92%;margin-left : 1.92%;}}<\/style><\/div><\/div><style type=\"text\/css\">.fusion-body .fusion-flex-container.fusion-builder-row-2{ padding-top : 0px;margin-top : 0px;padding-right : 0px;padding-bottom : 0px;margin-bottom : 0px;padding-left : 0px;}<\/style><\/div><\/p>\n","protected":false},"excerpt":{"rendered":"","protected":false},"author":1,"featured_media":0,"parent":1146,"menu_order":1,"comment_status":"closed","ping_status":"closed","template":"","meta":{"footnotes":""},"class_list":["post-1338","page","type-page","status-publish","hentry"],"_links":{"self":[{"href":"https:\/\/www.palazzomagnani.it\/myfpm\/wp-json\/wp\/v2\/pages\/1338","targetHints":{"allow":["GET"]}}],"collection":[{"href":"https:\/\/www.palazzomagnani.it\/myfpm\/wp-json\/wp\/v2\/pages"}],"about":[{"href":"https:\/\/www.palazzomagnani.it\/myfpm\/wp-json\/wp\/v2\/types\/page"}],"author":[{"embeddable":true,"href":"https:\/\/www.palazzomagnani.it\/myfpm\/wp-json\/wp\/v2\/users\/1"}],"replies":[{"embeddable":true,"href":"https:\/\/www.palazzomagnani.it\/myfpm\/wp-json\/wp\/v2\/comments?post=1338"}],"version-history":[{"count":15,"href":"https:\/\/www.palazzomagnani.it\/myfpm\/wp-json\/wp\/v2\/pages\/1338\/revisions"}],"predecessor-version":[{"id":2397,"href":"https:\/\/www.palazzomagnani.it\/myfpm\/wp-json\/wp\/v2\/pages\/1338\/revisions\/2397"}],"up":[{"embeddable":true,"href":"https:\/\/www.palazzomagnani.it\/myfpm\/wp-json\/wp\/v2\/pages\/1146"}],"wp:attachment":[{"href":"https:\/\/www.palazzomagnani.it\/myfpm\/wp-json\/wp\/v2\/media?parent=1338"}],"curies":[{"name":"wp","href":"https:\/\/api.w.org\/{rel}","templated":true}]}}